{"id":1173,"date":"2022-04-06T15:30:55","date_gmt":"2022-04-06T13:30:55","guid":{"rendered":"https:\/\/lestada.einatec.com\/?page_id=1173"},"modified":"2022-05-23T13:55:01","modified_gmt":"2022-05-23T11:55:01","slug":"la-residencia","status":"publish","type":"page","link":"https:\/\/lestada.com\/es\/la-residencia\/","title":{"rendered":"La Residencia"},"content":{"rendered":"\t\t<div data-elementor-type=\"wp-page\" data-elementor-id=\"1173\" class=\"elementor elementor-1173 elementor-686\" data-elementor-post-type=\"page\">\n\t\t\t\t\t\t<section class=\"elementor-section elementor-top-section elementor-element elementor-element-491de76 elementor-section-boxed elementor-section-height-default elementor-section-height-default\" data-id=\"491de76\" data-element_type=\"section\" data-e-type=\"section\" data-settings=\"{&quot;background_background&quot;:&quot;classic&quot;}\">\n\t\t\t\t\t\t\t<div class=\"elementor-background-overlay\"><\/div>\n\t\t\t\t\t\t\t<div class=\"elementor-container elementor-column-gap-default\">\n\t\t\t\t\t<div class=\"elementor-column elementor-col-100 elementor-top-column elementor-element elementor-element-5127369\" data-id=\"5127369\" data-element_type=\"column\" data-e-type=\"column\">\n\t\t\t<div class=\"elementor-widget-wrap elementor-element-populated\">\n\t\t\t\t\t\t<div class=\"elementor-element elementor-element-5187889 elementor-widget elementor-widget-heading\" data-id=\"5187889\" data-element_type=\"widget\" data-e-type=\"widget\" data-widget_type=\"heading.default\">\n\t\t\t\t<div class=\"elementor-widget-container\">\n\t\t\t\t\t<h2 class=\"elementor-heading-title elementor-size-default\">La Residencia<\/h2>\t\t\t\t<\/div>\n\t\t\t\t<\/div>\n\t\t\t\t\t<\/div>\n\t\t<\/div>\n\t\t\t\t\t<\/div>\n\t\t<\/section>\n\t\t\t\t<section class=\"elementor-section elementor-top-section elementor-element elementor-element-ee93098 elementor-section-height-min-height elementor-section-items-stretch elementor-section-boxed elementor-section-height-default\" data-id=\"ee93098\" data-element_type=\"section\" data-e-type=\"section\">\n\t\t\t\t\t\t<div class=\"elementor-container elementor-column-gap-no\">\n\t\t\t\t\t<div class=\"elementor-column elementor-col-50 elementor-top-column elementor-element elementor-element-26ef703\" data-id=\"26ef703\" data-element_type=\"column\" data-e-type=\"column\">\n\t\t\t<div class=\"elementor-widget-wrap elementor-element-populated\">\n\t\t\t\t\t\t<div class=\"elementor-element elementor-element-629de55 elementor-widget elementor-widget-heading\" data-id=\"629de55\" data-element_type=\"widget\" data-e-type=\"widget\" data-widget_type=\"heading.default\">\n\t\t\t\t<div class=\"elementor-widget-container\">\n\t\t\t\t\t<h1 class=\"elementor-heading-title elementor-size-default\">Historia\n<\/h1>\t\t\t\t<\/div>\n\t\t\t\t<\/div>\n\t\t\t\t<div class=\"elementor-element elementor-element-3ddb54f elementor-widget-divider--view-line elementor-widget elementor-widget-divider\" data-id=\"3ddb54f\" data-element_type=\"widget\" data-e-type=\"widget\" data-widget_type=\"divider.default\">\n\t\t\t\t<div class=\"elementor-widget-container\">\n\t\t\t\t\t\t\t<div class=\"elementor-divider\">\n\t\t\t<span class=\"elementor-divider-separator\">\n\t\t\t\t\t\t<\/span>\n\t\t<\/div>\n\t\t\t\t\t\t<\/div>\n\t\t\t\t<\/div>\n\t\t\t\t<div class=\"elementor-element elementor-element-f10c6d5 elementor-widget elementor-widget-heading\" data-id=\"f10c6d5\" data-element_type=\"widget\" data-e-type=\"widget\" data-widget_type=\"heading.default\">\n\t\t\t\t<div class=\"elementor-widget-container\">\n\t\t\t\t\t<h1 class=\"elementor-heading-title elementor-size-default\">La Residencia Geri\u00e1trica L\u2019Estada abri\u00f3 sus puertas al p\u00fablico en octubre de 1990 con una capacidad de 76 plazas de Residencia Asistida Privada.\n<\/h1>\t\t\t\t<\/div>\n\t\t\t\t<\/div>\n\t\t\t\t<div class=\"elementor-element elementor-element-35b56aa elementor-widget elementor-widget-heading\" data-id=\"35b56aa\" data-element_type=\"widget\" data-e-type=\"widget\" data-widget_type=\"heading.default\">\n\t\t\t\t<div class=\"elementor-widget-container\">\n\t\t\t\t\t<h3 class=\"elementor-heading-title elementor-size-default\">El d\u00eda 1 de mayo de 1991 la Consejer\u00eda de Sanidad y Seguridad Social, a trav\u00e9s del Programa \u201cVida als Anys\u201d, nos concedi\u00f3 el concierto de 40 plazas en la modalidad de Larga Estada pasando a tener el centro 40 plazas sociosanitarias de larga estada y 36 plazas de residencia asistida.<\/h3>\t\t\t\t<\/div>\n\t\t\t\t<\/div>\n\t\t\t\t\t<\/div>\n\t\t<\/div>\n\t\t\t\t<div class=\"elementor-column elementor-col-50 elementor-top-column elementor-element elementor-element-675f020\" data-id=\"675f020\" data-element_type=\"column\" data-e-type=\"column\">\n\t\t\t<div class=\"elementor-widget-wrap elementor-element-populated\">\n\t\t\t\t\t\t<div class=\"elementor-element elementor-element-c521417 elementor-widget elementor-widget-heading\" data-id=\"c521417\" data-element_type=\"widget\" data-e-type=\"widget\" data-widget_type=\"heading.default\">\n\t\t\t\t<div class=\"elementor-widget-container\">\n\t\t\t\t\t<h3 class=\"elementor-heading-title elementor-size-default\">Durante el a\u00f1o 1991 y 1992 se realizan obras en el centro para construir una unidad nueva de 20 plazas destinada a ser una Unidad de Psicogeriatr\u00eda; una vez construida y otorgados los permisos por parte de Inspecci\u00f3n, se solicita el concierto con el Programa \u201cVida als Anys\u201d de esta unidad siendo concedido el 1 de mayo de 1992.<\/h3>\t\t\t\t<\/div>\n\t\t\t\t<\/div>\n\t\t\t\t<div class=\"elementor-element elementor-element-cd2e789 elementor-widget elementor-widget-heading\" data-id=\"cd2e789\" data-element_type=\"widget\" data-e-type=\"widget\" data-widget_type=\"heading.default\">\n\t\t\t\t<div class=\"elementor-widget-container\">\n\t\t\t\t\t<h3 class=\"elementor-heading-title elementor-size-default\">A partir del a\u00f1o 1998 se han ido incrementando las dotaciones de plazas tras diversas remodelaciones de espacios comunes, hasta llegar a una totalidad de 104 plazas, 60 sociosanitarias y 44 de residencia asistida.<\/h3>\t\t\t\t<\/div>\n\t\t\t\t<\/div>\n\t\t\t\t<div class=\"elementor-element elementor-element-cb4e43b elementor-widget elementor-widget-heading\" data-id=\"cb4e43b\" data-element_type=\"widget\" data-e-type=\"widget\" data-widget_type=\"heading.default\">\n\t\t\t\t<div class=\"elementor-widget-container\">\n\t\t\t\t\t<h3 class=\"elementor-heading-title elementor-size-default\">En el a\u00f1o 1999 se solicit\u00f3 la inclusi\u00f3n de nuestro Centro dentro del \u201cPrograma d\u2019Acolliment Residencial\u201d del ICASS, siendo aceptada dicha solicitud, por la cual tenemos a disposici\u00f3n del programa una cantidad de plazas superior al 10% y cercana al 50% (20).<\/h3>\t\t\t\t<\/div>\n\t\t\t\t<\/div>\n\t\t\t\t<div class=\"elementor-element elementor-element-40d087a elementor-widget elementor-widget-heading\" data-id=\"40d087a\" data-element_type=\"widget\" data-e-type=\"widget\" data-widget_type=\"heading.default\">\n\t\t\t\t<div class=\"elementor-widget-container\">\n\t\t\t\t\t<h3 class=\"elementor-heading-title elementor-size-default\">En \u00e9ste a\u00f1o, tambi\u00e9n se solicit\u00f3 el Servicio de Centro de D\u00eda al Departament de Benestar Social, siendo concedido dicho servicio con una disposici\u00f3n de 5 plazas de Centro de D\u00eda privado.<\/h3>\t\t\t\t<\/div>\n\t\t\t\t<\/div>\n\t\t\t\t\t<\/div>\n\t\t<\/div>\n\t\t\t\t\t<\/div>\n\t\t<\/section>\n\t\t\t\t<section class=\"elementor-section elementor-top-section elementor-element elementor-element-c7d9f15 elementor-section-boxed elementor-section-height-default elementor-section-height-default\" data-id=\"c7d9f15\" data-element_type=\"section\" data-e-type=\"section\" data-settings=\"{&quot;background_background&quot;:&quot;classic&quot;}\">\n\t\t\t\t\t\t<div class=\"elementor-container elementor-column-gap-default\">\n\t\t\t\t\t<div class=\"elementor-column elementor-col-100 elementor-top-column elementor-element elementor-element-c642977\" data-id=\"c642977\" data-element_type=\"column\" data-e-type=\"column\">\n\t\t\t<div class=\"elementor-widget-wrap elementor-element-populated\">\n\t\t\t\t\t\t<div class=\"elementor-element elementor-element-45cd04a elementor-widget elementor-widget-image\" data-id=\"45cd04a\" data-element_type=\"widget\" data-e-type=\"widget\" data-widget_type=\"image.default\">\n\t\t\t\t<div class=\"elementor-widget-container\">\n\t\t\t\t\t\t\t\t\t\t\t\t\t\t\t<img decoding=\"async\" src=\"https:\/\/lestada.com\/wp-content\/uploads\/2022\/05\/concertades-privades-es.svg\" class=\"attachment-full size-full wp-image-1660\" alt=\"\" \/>\t\t\t\t\t\t\t\t\t\t\t\t\t\t\t<\/div>\n\t\t\t\t<\/div>\n\t\t\t\t\t<\/div>\n\t\t<\/div>\n\t\t\t\t\t<\/div>\n\t\t<\/section>\n\t\t\t\t<section class=\"elementor-section elementor-top-section elementor-element elementor-element-6dcff8e4 elementor-section-content-middle elementor-section-boxed elementor-section-height-default elementor-section-height-default\" data-id=\"6dcff8e4\" data-element_type=\"section\" data-e-type=\"section\">\n\t\t\t\t\t\t<div class=\"elementor-container elementor-column-gap-no\">\n\t\t\t\t\t<div class=\"elementor-column elementor-col-100 elementor-top-column elementor-element elementor-element-525ee489\" data-id=\"525ee489\" data-element_type=\"column\" data-e-type=\"column\">\n\t\t\t<div class=\"elementor-widget-wrap elementor-element-populated\">\n\t\t\t\t\t\t<div class=\"elementor-element elementor-element-cdc2358 elementor-widget elementor-widget-heading\" data-id=\"cdc2358\" data-element_type=\"widget\" data-e-type=\"widget\" data-widget_type=\"heading.default\">\n\t\t\t\t<div class=\"elementor-widget-container\">\n\t\t\t\t\t<h4 class=\"elementor-heading-title elementor-size-default\">Fotos del centro<\/h4>\t\t\t\t<\/div>\n\t\t\t\t<\/div>\n\t\t\t\t<div class=\"elementor-element elementor-element-25c2060 elementor-widget-divider--view-line elementor-widget elementor-widget-divider\" data-id=\"25c2060\" data-element_type=\"widget\" data-e-type=\"widget\" data-widget_type=\"divider.default\">\n\t\t\t\t<div class=\"elementor-widget-container\">\n\t\t\t\t\t\t\t<div class=\"elementor-divider\">\n\t\t\t<span class=\"elementor-divider-separator\">\n\t\t\t\t\t\t<\/span>\n\t\t<\/div>\n\t\t\t\t\t\t<\/div>\n\t\t\t\t<\/div>\n\t\t\t\t<div class=\"elementor-element elementor-element-24a39955 elementor-skin-slideshow elementor-arrows-yes elementor-widget elementor-widget-media-carousel\" data-id=\"24a39955\" data-element_type=\"widget\" data-e-type=\"widget\" data-settings=\"{&quot;space_between&quot;:{&quot;unit&quot;:&quot;px&quot;,&quot;size&quot;:29,&quot;sizes&quot;:[]},&quot;skin&quot;:&quot;slideshow&quot;,&quot;slideshow_slides_per_view&quot;:&quot;4&quot;,&quot;effect&quot;:&quot;slide&quot;,&quot;show_arrows&quot;:&quot;yes&quot;,&quot;speed&quot;:500,&quot;autoplay&quot;:&quot;yes&quot;,&quot;autoplay_speed&quot;:5000,&quot;loop&quot;:&quot;yes&quot;,&quot;pause_on_hover&quot;:&quot;yes&quot;,&quot;pause_on_interaction&quot;:&quot;yes&quot;,&quot;space_between_laptop&quot;:{&quot;unit&quot;:&quot;px&quot;,&quot;size&quot;:10,&quot;sizes&quot;:[]},&quot;space_between_tablet&quot;:{&quot;unit&quot;:&quot;px&quot;,&quot;size&quot;:10,&quot;sizes&quot;:[]},&quot;space_between_mobile&quot;:{&quot;unit&quot;:&quot;px&quot;,&quot;size&quot;:10,&quot;sizes&quot;:[]}}\" data-widget_type=\"media-carousel.default\">\n\t\t\t\t<div class=\"elementor-widget-container\">\n\t\t\t\t\t\t\t\t\t<div class=\"elementor-swiper\">\n\t\t\t\t\t<div class=\"elementor-main-swiper swiper\" role=\"region\" aria-roledescription=\"carousel\" aria-label=\"Diapositivas\">\n\t\t\t\t<div class=\"swiper-wrapper\">\n\t\t\t\t\t\t\t\t\t\t\t<div class=\"swiper-slide\" role=\"group\" aria-roledescription=\"slide\">\n\t\t\t\t\t\t\t\t\t<div class=\"elementor-carousel-image\" role=\"img\" aria-label=\"estada-avis-centre-4\" style=\"background-image: url(&#039;https:\/\/lestada.com\/wp-content\/uploads\/2022\/04\/estada-avis-centre-4.jpg&#039;)\">\n\n\t\t\t\n\t\t\t\t\t<\/div>\n\t\t\t\t\t\t\t\t<\/div>\n\t\t\t\t\t\t\t\t\t\t\t<div class=\"swiper-slide\" role=\"group\" aria-roledescription=\"slide\">\n\t\t\t\t\t\t\t\t\t<div class=\"elementor-carousel-image\" role=\"img\" aria-label=\"estada-avis-centre-3\" style=\"background-image: url(&#039;https:\/\/lestada.com\/wp-content\/uploads\/2022\/04\/estada-avis-centre-3.jpg&#039;)\">\n\n\t\t\t\n\t\t\t\t\t<\/div>\n\t\t\t\t\t\t\t\t<\/div>\n\t\t\t\t\t\t\t\t\t\t\t<div class=\"swiper-slide\" role=\"group\" aria-roledescription=\"slide\">\n\t\t\t\t\t\t\t\t\t<div class=\"elementor-carousel-image\" role=\"img\" aria-label=\"estada-avis-centre-1\" style=\"background-image: url(&#039;https:\/\/lestada.com\/wp-content\/uploads\/2022\/04\/estada-avis-centre-1.jpg&#039;)\">\n\n\t\t\t\n\t\t\t\t\t<\/div>\n\t\t\t\t\t\t\t\t<\/div>\n\t\t\t\t\t\t\t\t\t\t\t<div class=\"swiper-slide\" role=\"group\" aria-roledescription=\"slide\">\n\t\t\t\t\t\t\t\t\t<div class=\"elementor-carousel-image\" role=\"img\" aria-label=\"estada-avis-centre-2\" style=\"background-image: url(&#039;https:\/\/lestada.com\/wp-content\/uploads\/2022\/04\/estada-avis-centre-2.jpg&#039;)\">\n\n\t\t\t\n\t\t\t\t\t<\/div>\n\t\t\t\t\t\t\t\t<\/div>\n\t\t\t\t\t\t\t\t\t<\/div>\n\t\t\t\t\t\t\t\t\t\t\t\t\t\t\t<div class=\"elementor-swiper-button elementor-swiper-button-prev\" role=\"button\" tabindex=\"0\" aria-label=\"Anterior\">\n\t\t\t\t\t\t\t<i aria-hidden=\"true\" class=\"eicon-chevron-left\"><\/i>\t\t\t\t\t\t<\/div>\n\t\t\t\t\t\t<div class=\"elementor-swiper-button elementor-swiper-button-next\" role=\"button\" tabindex=\"0\" aria-label=\"Siguiente\">\n\t\t\t\t\t\t\t<i aria-hidden=\"true\" class=\"eicon-chevron-right\"><\/i>\t\t\t\t\t\t<\/div>\n\t\t\t\t\t\t\t\t\t\t\t\t\t\t\t\t\t<\/div>\n\t\t\t\t<\/div>\n\t\t\t\t\t\t\t\t<div class=\"elementor-swiper\">\n\t\t\t\t\t<div class=\"elementor-main-swiper swiper elementor-thumbnails-swiper swiper\" role=\"region region\" aria-roledescription=\"carousel carousel\" aria-label=\"Diapositivas Diapositivas\">\n\t\t\t\t<div class=\"swiper-wrapper\">\n\t\t\t\t\t\t\t\t\t\t\t<div class=\"swiper-slide\" role=\"group\" aria-roledescription=\"slide\">\n\t\t\t\t\t\t\t\t\t<div class=\"elementor-carousel-image\" role=\"img\" aria-label=\"estada-avis-centre-4\" style=\"background-image: url(&#039;https:\/\/lestada.com\/wp-content\/uploads\/2022\/04\/estada-avis-centre-4.jpg&#039;)\">\n\n\t\t\t\n\t\t\t\t\t<\/div>\n\t\t\t\t\t\t\t\t<\/div>\n\t\t\t\t\t\t\t\t\t\t\t<div class=\"swiper-slide\" role=\"group\" aria-roledescription=\"slide\">\n\t\t\t\t\t\t\t\t\t<div class=\"elementor-carousel-image\" role=\"img\" aria-label=\"estada-avis-centre-3\" style=\"background-image: url(&#039;https:\/\/lestada.com\/wp-content\/uploads\/2022\/04\/estada-avis-centre-3.jpg&#039;)\">\n\n\t\t\t\n\t\t\t\t\t<\/div>\n\t\t\t\t\t\t\t\t<\/div>\n\t\t\t\t\t\t\t\t\t\t\t<div class=\"swiper-slide\" role=\"group\" aria-roledescription=\"slide\">\n\t\t\t\t\t\t\t\t\t<div class=\"elementor-carousel-image\" role=\"img\" aria-label=\"estada-avis-centre-1\" style=\"background-image: url(&#039;https:\/\/lestada.com\/wp-content\/uploads\/2022\/04\/estada-avis-centre-1.jpg&#039;)\">\n\n\t\t\t\n\t\t\t\t\t<\/div>\n\t\t\t\t\t\t\t\t<\/div>\n\t\t\t\t\t\t\t\t\t\t\t<div class=\"swiper-slide\" role=\"group\" aria-roledescription=\"slide\">\n\t\t\t\t\t\t\t\t\t<div class=\"elementor-carousel-image\" role=\"img\" aria-label=\"estada-avis-centre-2\" style=\"background-image: url(&#039;https:\/\/lestada.com\/wp-content\/uploads\/2022\/04\/estada-avis-centre-2.jpg&#039;)\">\n\n\t\t\t\n\t\t\t\t\t<\/div>\n\t\t\t\t\t\t\t\t<\/div>\n\t\t\t\t\t\t\t\t\t<\/div>\n\t\t\t\t\t\t\t\t\t\t\t\t\t\t\t\t\t\t\t\t\t<\/div>\n\t\t\t\t<\/div>\n\t\t\t\t\t\t\t\t<\/div>\n\t\t\t\t<\/div>\n\t\t\t\t\t<\/div>\n\t\t<\/div>\n\t\t\t\t\t<\/div>\n\t\t<\/section>\n\t\t\t\t<section class=\"elementor-section elementor-top-section elementor-element elementor-element-c956492 elementor-section-content-middle elementor-section-boxed elementor-section-height-default elementor-section-height-default\" data-id=\"c956492\" data-element_type=\"section\" data-e-type=\"section\">\n\t\t\t\t\t\t<div class=\"elementor-container elementor-column-gap-no\">\n\t\t\t\t\t<div class=\"elementor-column elementor-col-100 elementor-top-column elementor-element elementor-element-5ea13e3\" data-id=\"5ea13e3\" data-element_type=\"column\" data-e-type=\"column\">\n\t\t\t<div class=\"elementor-widget-wrap elementor-element-populated\">\n\t\t\t\t\t\t<div class=\"elementor-element elementor-element-0415273 elementor-widget elementor-widget-heading\" data-id=\"0415273\" data-element_type=\"widget\" data-e-type=\"widget\" data-widget_type=\"heading.default\">\n\t\t\t\t<div class=\"elementor-widget-container\">\n\t\t\t\t\t<h4 class=\"elementor-heading-title elementor-size-default\">Servicios del centro<\/h4>\t\t\t\t<\/div>\n\t\t\t\t<\/div>\n\t\t\t\t<div class=\"elementor-element elementor-element-88dd685 elementor-widget-divider--view-line elementor-widget elementor-widget-divider\" data-id=\"88dd685\" data-element_type=\"widget\" data-e-type=\"widget\" data-widget_type=\"divider.default\">\n\t\t\t\t<div class=\"elementor-widget-container\">\n\t\t\t\t\t\t\t<div class=\"elementor-divider\">\n\t\t\t<span class=\"elementor-divider-separator\">\n\t\t\t\t\t\t<\/span>\n\t\t<\/div>\n\t\t\t\t\t\t<\/div>\n\t\t\t\t<\/div>\n\t\t\t\t<div class=\"elementor-element elementor-element-eaf752f elementor-skin-slideshow elementor-arrows-yes elementor-widget elementor-widget-media-carousel\" data-id=\"eaf752f\" data-element_type=\"widget\" data-e-type=\"widget\" data-settings=\"{&quot;space_between&quot;:{&quot;unit&quot;:&quot;px&quot;,&quot;size&quot;:29,&quot;sizes&quot;:[]},&quot;skin&quot;:&quot;slideshow&quot;,&quot;slideshow_slides_per_view&quot;:&quot;4&quot;,&quot;effect&quot;:&quot;slide&quot;,&quot;show_arrows&quot;:&quot;yes&quot;,&quot;speed&quot;:500,&quot;loop&quot;:&quot;yes&quot;,&quot;space_between_laptop&quot;:{&quot;unit&quot;:&quot;px&quot;,&quot;size&quot;:10,&quot;sizes&quot;:[]},&quot;space_between_tablet&quot;:{&quot;unit&quot;:&quot;px&quot;,&quot;size&quot;:10,&quot;sizes&quot;:[]},&quot;space_between_mobile&quot;:{&quot;unit&quot;:&quot;px&quot;,&quot;size&quot;:10,&quot;sizes&quot;:[]}}\" data-widget_type=\"media-carousel.default\">\n\t\t\t\t<div class=\"elementor-widget-container\">\n\t\t\t\t\t\t\t\t\t<div class=\"elementor-swiper\">\n\t\t\t\t\t<div class=\"elementor-main-swiper swiper\" role=\"region\" aria-roledescription=\"carousel\" aria-label=\"Diapositivas\">\n\t\t\t\t<div class=\"swiper-wrapper\">\n\t\t\t\t\t\t\t\t\t\t\t<div class=\"swiper-slide\" role=\"group\" aria-roledescription=\"slide\">\n\t\t\t\t\t\t\t\t\t<div class=\"elementor-carousel-image\" role=\"img\" aria-label=\"estada-servicios-1\" style=\"background-image: url(&#039;https:\/\/lestada.com\/wp-content\/uploads\/2022\/04\/estada-servicios-1.jpg&#039;)\">\n\n\t\t\t\n\t\t\t\t\t<\/div>\n\t\t\t\t\t\t\t\t<\/div>\n\t\t\t\t\t\t\t\t\t\t\t<div class=\"swiper-slide\" role=\"group\" aria-roledescription=\"slide\">\n\t\t\t\t\t\t\t\t\t<div class=\"elementor-carousel-image\" role=\"img\" aria-label=\"estada-servicios-4\" style=\"background-image: url(&#039;https:\/\/lestada.com\/wp-content\/uploads\/2022\/04\/estada-servicios-4.jpg&#039;)\">\n\n\t\t\t\n\t\t\t\t\t<\/div>\n\t\t\t\t\t\t\t\t<\/div>\n\t\t\t\t\t\t\t\t\t\t\t<div class=\"swiper-slide\" role=\"group\" aria-roledescription=\"slide\">\n\t\t\t\t\t\t\t\t\t<div class=\"elementor-carousel-image\" role=\"img\" aria-label=\"estada-servicios-2\" style=\"background-image: url(&#039;https:\/\/lestada.com\/wp-content\/uploads\/2022\/04\/estada-servicios-2.jpg&#039;)\">\n\n\t\t\t\n\t\t\t\t\t<\/div>\n\t\t\t\t\t\t\t\t<\/div>\n\t\t\t\t\t\t\t\t\t\t\t<div class=\"swiper-slide\" role=\"group\" aria-roledescription=\"slide\">\n\t\t\t\t\t\t\t\t\t<div class=\"elementor-carousel-image\" role=\"img\" aria-label=\"estada-servicios-3\" style=\"background-image: url(&#039;https:\/\/lestada.com\/wp-content\/uploads\/2022\/04\/estada-servicios-3.jpg&#039;)\">\n\n\t\t\t\n\t\t\t\t\t<\/div>\n\t\t\t\t\t\t\t\t<\/div>\n\t\t\t\t\t\t\t\t\t\t\t<div class=\"swiper-slide\" role=\"group\" aria-roledescription=\"slide\">\n\t\t\t\t\t\t\t\t\t<div class=\"elementor-carousel-image\" role=\"img\" aria-label=\"estada-servicios-5\" style=\"background-image: url(&#039;https:\/\/lestada.com\/wp-content\/uploads\/2022\/04\/estada-servicios-5.jpg&#039;)\">\n\n\t\t\t\n\t\t\t\t\t<\/div>\n\t\t\t\t\t\t\t\t<\/div>\n\t\t\t\t\t\t\t\t\t\t\t<div class=\"swiper-slide\" role=\"group\" aria-roledescription=\"slide\">\n\t\t\t\t\t\t\t\t\t<div class=\"elementor-carousel-image\" role=\"img\" aria-label=\"estada-servicios-6\" style=\"background-image: url(&#039;https:\/\/lestada.com\/wp-content\/uploads\/2022\/04\/estada-servicios-6.jpg&#039;)\">\n\n\t\t\t\n\t\t\t\t\t<\/div>\n\t\t\t\t\t\t\t\t<\/div>\n\t\t\t\t\t\t\t\t\t<\/div>\n\t\t\t\t\t\t\t\t\t\t\t\t\t\t\t<div class=\"elementor-swiper-button elementor-swiper-button-prev\" role=\"button\" tabindex=\"0\" aria-label=\"Anterior\">\n\t\t\t\t\t\t\t<i aria-hidden=\"true\" class=\"eicon-chevron-left\"><\/i>\t\t\t\t\t\t<\/div>\n\t\t\t\t\t\t<div class=\"elementor-swiper-button elementor-swiper-button-next\" role=\"button\" tabindex=\"0\" aria-label=\"Siguiente\">\n\t\t\t\t\t\t\t<i aria-hidden=\"true\" class=\"eicon-chevron-right\"><\/i>\t\t\t\t\t\t<\/div>\n\t\t\t\t\t\t\t\t\t\t\t\t\t\t\t\t\t<\/div>\n\t\t\t\t<\/div>\n\t\t\t\t\t\t\t\t<div class=\"elementor-swiper\">\n\t\t\t\t\t<div class=\"elementor-main-swiper swiper elementor-thumbnails-swiper swiper\" role=\"region region\" aria-roledescription=\"carousel carousel\" aria-label=\"Diapositivas Diapositivas\">\n\t\t\t\t<div class=\"swiper-wrapper\">\n\t\t\t\t\t\t\t\t\t\t\t<div class=\"swiper-slide\" role=\"group\" aria-roledescription=\"slide\">\n\t\t\t\t\t\t\t\t\t<div class=\"elementor-carousel-image\" role=\"img\" aria-label=\"estada-servicios-1\" style=\"background-image: url(&#039;https:\/\/lestada.com\/wp-content\/uploads\/2022\/04\/estada-servicios-1.jpg&#039;)\">\n\n\t\t\t\n\t\t\t\t\t<\/div>\n\t\t\t\t\t\t\t\t<\/div>\n\t\t\t\t\t\t\t\t\t\t\t<div class=\"swiper-slide\" role=\"group\" aria-roledescription=\"slide\">\n\t\t\t\t\t\t\t\t\t<div class=\"elementor-carousel-image\" role=\"img\" aria-label=\"estada-servicios-4\" style=\"background-image: url(&#039;https:\/\/lestada.com\/wp-content\/uploads\/2022\/04\/estada-servicios-4.jpg&#039;)\">\n\n\t\t\t\n\t\t\t\t\t<\/div>\n\t\t\t\t\t\t\t\t<\/div>\n\t\t\t\t\t\t\t\t\t\t\t<div class=\"swiper-slide\" role=\"group\" aria-roledescription=\"slide\">\n\t\t\t\t\t\t\t\t\t<div class=\"elementor-carousel-image\" role=\"img\" aria-label=\"estada-servicios-2\" style=\"background-image: url(&#039;https:\/\/lestada.com\/wp-content\/uploads\/2022\/04\/estada-servicios-2.jpg&#039;)\">\n\n\t\t\t\n\t\t\t\t\t<\/div>\n\t\t\t\t\t\t\t\t<\/div>\n\t\t\t\t\t\t\t\t\t\t\t<div class=\"swiper-slide\" role=\"group\" aria-roledescription=\"slide\">\n\t\t\t\t\t\t\t\t\t<div class=\"elementor-carousel-image\" role=\"img\" aria-label=\"estada-servicios-3\" style=\"background-image: url(&#039;https:\/\/lestada.com\/wp-content\/uploads\/2022\/04\/estada-servicios-3.jpg&#039;)\">\n\n\t\t\t\n\t\t\t\t\t<\/div>\n\t\t\t\t\t\t\t\t<\/div>\n\t\t\t\t\t\t\t\t\t\t\t<div class=\"swiper-slide\" role=\"group\" aria-roledescription=\"slide\">\n\t\t\t\t\t\t\t\t\t<div class=\"elementor-carousel-image\" role=\"img\" aria-label=\"estada-servicios-5\" style=\"background-image: url(&#039;https:\/\/lestada.com\/wp-content\/uploads\/2022\/04\/estada-servicios-5.jpg&#039;)\">\n\n\t\t\t\n\t\t\t\t\t<\/div>\n\t\t\t\t\t\t\t\t<\/div>\n\t\t\t\t\t\t\t\t\t\t\t<div class=\"swiper-slide\" role=\"group\" aria-roledescription=\"slide\">\n\t\t\t\t\t\t\t\t\t<div class=\"elementor-carousel-image\" role=\"img\" aria-label=\"estada-servicios-6\" style=\"background-image: url(&#039;https:\/\/lestada.com\/wp-content\/uploads\/2022\/04\/estada-servicios-6.jpg&#039;)\">\n\n\t\t\t\n\t\t\t\t\t<\/div>\n\t\t\t\t\t\t\t\t<\/div>\n\t\t\t\t\t\t\t\t\t<\/div>\n\t\t\t\t\t\t\t\t\t\t\t\t\t\t\t\t\t\t\t\t\t<\/div>\n\t\t\t\t<\/div>\n\t\t\t\t\t\t\t\t<\/div>\n\t\t\t\t<\/div>\n\t\t\t\t\t<\/div>\n\t\t<\/div>\n\t\t\t\t\t<\/div>\n\t\t<\/section>\n\t\t\t\t<\/div>\n\t\t","protected":false},"excerpt":{"rendered":"<p>La Residencia Historia La Residencia Geri\u00e1trica L\u2019Estada abri\u00f3 sus puertas al p\u00fablico en octubre de 1990 con una capacidad de 76 plazas de Residencia Asistida Privada. El d\u00eda 1 de mayo de 1991 la Consejer\u00eda de Sanidad y Seguridad Social, a trav\u00e9s del Programa \u201cVida als Anys\u201d, nos concedi\u00f3 el concierto de 40 plazas en [&hellip;]<\/p>\n","protected":false},"author":1,"featured_media":0,"parent":0,"menu_order":0,"comment_status":"closed","ping_status":"closed","template":"","meta":{"footnotes":""},"class_list":["post-1173","page","type-page","status-publish","hentry"],"yoast_head":"<!-- This site is optimized with the Yoast SEO plugin v27.1.1 - https:\/\/yoast.com\/product\/yoast-seo-wordpress\/ -->\n<title>La Residencia - Resid\u00e8ncia Geri\u00e0trica L&#039;Estada<\/title>\n<meta name=\"robots\" content=\"index, follow, max-snippet:-1, max-image-preview:large, max-video-preview:-1\" \/>\n<link rel=\"canonical\" href=\"https:\/\/lestada.com\/es\/la-residencia\/\" \/>\n<meta property=\"og:locale\" content=\"es_ES\" \/>\n<meta property=\"og:type\" content=\"article\" \/>\n<meta property=\"og:title\" content=\"La Residencia - Resid\u00e8ncia Geri\u00e0trica L&#039;Estada\" \/>\n<meta property=\"og:description\" content=\"La Residencia Historia La Residencia Geri\u00e1trica L\u2019Estada abri\u00f3 sus puertas al p\u00fablico en octubre de 1990 con una capacidad de 76 plazas de Residencia Asistida Privada. El d\u00eda 1 de mayo de 1991 la Consejer\u00eda de Sanidad y Seguridad Social, a trav\u00e9s del Programa \u201cVida als Anys\u201d, nos concedi\u00f3 el concierto de 40 plazas en [&hellip;]\" \/>\n<meta property=\"og:url\" content=\"https:\/\/lestada.com\/es\/la-residencia\/\" \/>\n<meta property=\"og:site_name\" content=\"Resid\u00e8ncia Geri\u00e0trica L&#039;Estada\" \/>\n<meta property=\"article:modified_time\" content=\"2022-05-23T11:55:01+00:00\" \/>\n<meta property=\"og:image\" content=\"https:\/\/lestada.einatec.com\/wp-content\/uploads\/2022\/05\/concertades-privades-es.svg\" \/>\n<meta name=\"twitter:card\" content=\"summary_large_image\" \/>\n<meta name=\"twitter:label1\" content=\"Tiempo de lectura\" \/>\n\t<meta name=\"twitter:data1\" content=\"1 minuto\" \/>\n<script type=\"application\/ld+json\" class=\"yoast-schema-graph\">{\"@context\":\"https:\/\/schema.org\",\"@graph\":[{\"@type\":\"WebPage\",\"@id\":\"https:\/\/lestada.com\/es\/la-residencia\/\",\"url\":\"https:\/\/lestada.com\/es\/la-residencia\/\",\"name\":\"La Residencia - Resid\u00e8ncia Geri\u00e0trica L&#039;Estada\",\"isPartOf\":{\"@id\":\"https:\/\/lestada.com\/#website\"},\"primaryImageOfPage\":{\"@id\":\"https:\/\/lestada.com\/es\/la-residencia\/#primaryimage\"},\"image\":{\"@id\":\"https:\/\/lestada.com\/es\/la-residencia\/#primaryimage\"},\"thumbnailUrl\":\"https:\/\/lestada.einatec.com\/wp-content\/uploads\/2022\/05\/concertades-privades-es.svg\",\"datePublished\":\"2022-04-06T13:30:55+00:00\",\"dateModified\":\"2022-05-23T11:55:01+00:00\",\"breadcrumb\":{\"@id\":\"https:\/\/lestada.com\/es\/la-residencia\/#breadcrumb\"},\"inLanguage\":\"es\",\"potentialAction\":[{\"@type\":\"ReadAction\",\"target\":[\"https:\/\/lestada.com\/es\/la-residencia\/\"]}]},{\"@type\":\"ImageObject\",\"inLanguage\":\"es\",\"@id\":\"https:\/\/lestada.com\/es\/la-residencia\/#primaryimage\",\"url\":\"https:\/\/lestada.einatec.com\/wp-content\/uploads\/2022\/05\/concertades-privades-es.svg\",\"contentUrl\":\"https:\/\/lestada.einatec.com\/wp-content\/uploads\/2022\/05\/concertades-privades-es.svg\"},{\"@type\":\"BreadcrumbList\",\"@id\":\"https:\/\/lestada.com\/es\/la-residencia\/#breadcrumb\",\"itemListElement\":[{\"@type\":\"ListItem\",\"position\":1,\"name\":\"Inici\",\"item\":\"https:\/\/lestada.com\/es\/\"},{\"@type\":\"ListItem\",\"position\":2,\"name\":\"La Residencia\"}]},{\"@type\":\"WebSite\",\"@id\":\"https:\/\/lestada.com\/#website\",\"url\":\"https:\/\/lestada.com\/\",\"name\":\"Resid\u00e8ncia Geri\u00e0trica L&#039;Estada\",\"description\":\"Un altre lloc gestionat amb el WordPress\",\"publisher\":{\"@id\":\"https:\/\/lestada.com\/#organization\"},\"potentialAction\":[{\"@type\":\"SearchAction\",\"target\":{\"@type\":\"EntryPoint\",\"urlTemplate\":\"https:\/\/lestada.com\/?s={search_term_string}\"},\"query-input\":{\"@type\":\"PropertyValueSpecification\",\"valueRequired\":true,\"valueName\":\"search_term_string\"}}],\"inLanguage\":\"es\"},{\"@type\":\"Organization\",\"@id\":\"https:\/\/lestada.com\/#organization\",\"name\":\"Resid\u00e8ncia Geri\u00e0trica L&#039;Estada\",\"url\":\"https:\/\/lestada.com\/\",\"logo\":{\"@type\":\"ImageObject\",\"inLanguage\":\"es\",\"@id\":\"https:\/\/lestada.com\/#\/schema\/logo\/image\/\",\"url\":\"https:\/\/lestada.com\/wp-content\/uploads\/2022\/04\/logo_ESTADA.jpg\",\"contentUrl\":\"https:\/\/lestada.com\/wp-content\/uploads\/2022\/04\/logo_ESTADA.jpg\",\"width\":353,\"height\":472,\"caption\":\"Resid\u00e8ncia Geri\u00e0trica L&#039;Estada\"},\"image\":{\"@id\":\"https:\/\/lestada.com\/#\/schema\/logo\/image\/\"}}]}<\/script>\n<!-- \/ Yoast SEO plugin. -->","yoast_head_json":{"title":"La Residencia - Resid\u00e8ncia Geri\u00e0trica L&#039;Estada","robots":{"index":"index","follow":"follow","max-snippet":"max-snippet:-1","max-image-preview":"max-image-preview:large","max-video-preview":"max-video-preview:-1"},"canonical":"https:\/\/lestada.com\/es\/la-residencia\/","og_locale":"es_ES","og_type":"article","og_title":"La Residencia - Resid\u00e8ncia Geri\u00e0trica L&#039;Estada","og_description":"La Residencia Historia La Residencia Geri\u00e1trica L\u2019Estada abri\u00f3 sus puertas al p\u00fablico en octubre de 1990 con una capacidad de 76 plazas de Residencia Asistida Privada. El d\u00eda 1 de mayo de 1991 la Consejer\u00eda de Sanidad y Seguridad Social, a trav\u00e9s del Programa \u201cVida als Anys\u201d, nos concedi\u00f3 el concierto de 40 plazas en [&hellip;]","og_url":"https:\/\/lestada.com\/es\/la-residencia\/","og_site_name":"Resid\u00e8ncia Geri\u00e0trica L&#039;Estada","article_modified_time":"2022-05-23T11:55:01+00:00","og_image":[{"url":"https:\/\/lestada.einatec.com\/wp-content\/uploads\/2022\/05\/concertades-privades-es.svg","type":"","width":"","height":""}],"twitter_card":"summary_large_image","twitter_misc":{"Tiempo de lectura":"1 minuto"},"schema":{"@context":"https:\/\/schema.org","@graph":[{"@type":"WebPage","@id":"https:\/\/lestada.com\/es\/la-residencia\/","url":"https:\/\/lestada.com\/es\/la-residencia\/","name":"La Residencia - Resid\u00e8ncia Geri\u00e0trica L&#039;Estada","isPartOf":{"@id":"https:\/\/lestada.com\/#website"},"primaryImageOfPage":{"@id":"https:\/\/lestada.com\/es\/la-residencia\/#primaryimage"},"image":{"@id":"https:\/\/lestada.com\/es\/la-residencia\/#primaryimage"},"thumbnailUrl":"https:\/\/lestada.einatec.com\/wp-content\/uploads\/2022\/05\/concertades-privades-es.svg","datePublished":"2022-04-06T13:30:55+00:00","dateModified":"2022-05-23T11:55:01+00:00","breadcrumb":{"@id":"https:\/\/lestada.com\/es\/la-residencia\/#breadcrumb"},"inLanguage":"es","potentialAction":[{"@type":"ReadAction","target":["https:\/\/lestada.com\/es\/la-residencia\/"]}]},{"@type":"ImageObject","inLanguage":"es","@id":"https:\/\/lestada.com\/es\/la-residencia\/#primaryimage","url":"https:\/\/lestada.einatec.com\/wp-content\/uploads\/2022\/05\/concertades-privades-es.svg","contentUrl":"https:\/\/lestada.einatec.com\/wp-content\/uploads\/2022\/05\/concertades-privades-es.svg"},{"@type":"BreadcrumbList","@id":"https:\/\/lestada.com\/es\/la-residencia\/#breadcrumb","itemListElement":[{"@type":"ListItem","position":1,"name":"Inici","item":"https:\/\/lestada.com\/es\/"},{"@type":"ListItem","position":2,"name":"La Residencia"}]},{"@type":"WebSite","@id":"https:\/\/lestada.com\/#website","url":"https:\/\/lestada.com\/","name":"Resid\u00e8ncia Geri\u00e0trica L&#039;Estada","description":"Un altre lloc gestionat amb el WordPress","publisher":{"@id":"https:\/\/lestada.com\/#organization"},"potentialAction":[{"@type":"SearchAction","target":{"@type":"EntryPoint","urlTemplate":"https:\/\/lestada.com\/?s={search_term_string}"},"query-input":{"@type":"PropertyValueSpecification","valueRequired":true,"valueName":"search_term_string"}}],"inLanguage":"es"},{"@type":"Organization","@id":"https:\/\/lestada.com\/#organization","name":"Resid\u00e8ncia Geri\u00e0trica L&#039;Estada","url":"https:\/\/lestada.com\/","logo":{"@type":"ImageObject","inLanguage":"es","@id":"https:\/\/lestada.com\/#\/schema\/logo\/image\/","url":"https:\/\/lestada.com\/wp-content\/uploads\/2022\/04\/logo_ESTADA.jpg","contentUrl":"https:\/\/lestada.com\/wp-content\/uploads\/2022\/04\/logo_ESTADA.jpg","width":353,"height":472,"caption":"Resid\u00e8ncia Geri\u00e0trica L&#039;Estada"},"image":{"@id":"https:\/\/lestada.com\/#\/schema\/logo\/image\/"}}]}},"_links":{"self":[{"href":"https:\/\/lestada.com\/es\/wp-json\/wp\/v2\/pages\/1173","targetHints":{"allow":["GET"]}}],"collection":[{"href":"https:\/\/lestada.com\/es\/wp-json\/wp\/v2\/pages"}],"about":[{"href":"https:\/\/lestada.com\/es\/wp-json\/wp\/v2\/types\/page"}],"author":[{"embeddable":true,"href":"https:\/\/lestada.com\/es\/wp-json\/wp\/v2\/users\/1"}],"replies":[{"embeddable":true,"href":"https:\/\/lestada.com\/es\/wp-json\/wp\/v2\/comments?post=1173"}],"version-history":[{"count":8,"href":"https:\/\/lestada.com\/es\/wp-json\/wp\/v2\/pages\/1173\/revisions"}],"predecessor-version":[{"id":1664,"href":"https:\/\/lestada.com\/es\/wp-json\/wp\/v2\/pages\/1173\/revisions\/1664"}],"wp:attachment":[{"href":"https:\/\/lestada.com\/es\/wp-json\/wp\/v2\/media?parent=1173"}],"curies":[{"name":"wp","href":"https:\/\/api.w.org\/{rel}","templated":true}]}}